{"id":208,"date":"2020-03-14T19:25:26","date_gmt":"2020-03-14T19:25:26","guid":{"rendered":"https:\/\/unis-metis.fr\/?page_id=208"},"modified":"2020-04-08T15:21:11","modified_gmt":"2020-04-08T15:21:11","slug":"enquete-covid-19","status":"publish","type":"page","link":"https:\/\/unis-metis.fr\/?page_id=208","title":{"rendered":"Enqu\u00eate &#8211; COVID-19 &#8211; N\u00b01"},"content":{"rendered":"<p>Cette enqu\u00eate est destin\u00e9e uniquement aux professionnels des m\u00e9tiers de l&rsquo;insertion socioprofessionnelle, de la solidarit\u00e9 et de l&#8217;emploi, en C\u00f4te d&rsquo;Or.<\/p>\n<p>Si tu travailles dans ces m\u00e9tiers, nous t&rsquo;invitons \u00e0 y r\u00e9pondre. L&rsquo;enqu\u00eate pourraient t&rsquo;aider \u00e0 balayer les principales questions li\u00e9es \u00e0 la pr\u00e9vention du virus, \u00e0 la s\u00e9curit\u00e9, aux solutions propos\u00e9es (t\u00e9l\u00e9travail notamment) et au r\u00f4le que nous pouvons avoir durant cette crise sanitaire.<\/p>\n<p>Les r\u00e9sultats peuvent permettre aux salari\u00e9s d&rsquo;\u00eatre inform\u00e9s en ayant un vision plus large du sujet. Ils peuvent aussi aider les partenaires sociaux de discuter des solutions \u00e0 mettre en place.<\/p>\n<p>&nbsp;<\/p>\n<p><iframe loading=\"lazy\" src=\"https:\/\/docs.google.com\/forms\/d\/e\/1FAIpQLSdElzMHAce_gAPDgNPhm5t8NQ4JNaJuCtpd7_W88ViJBgVEdQ\/viewform?embedded=true\" width=\"1892\" height=\"1891\" frameborder=\"0\" marginwidth=\"0\" marginheight=\"0\">Chargement\u2026<\/iframe><\/p>\n","protected":false},"excerpt":{"rendered":"<p>Cette enqu\u00eate est destin\u00e9e uniquement aux professionnels des m\u00e9tiers de l&rsquo;insertion socioprofessionnelle, de la solidarit\u00e9 et de l&#8217;emploi, en C\u00f4te d&rsquo;Or. Si tu travailles dans ces m\u00e9tiers, nous t&rsquo;invitons \u00e0 y r\u00e9pondre. L&rsquo;enqu\u00eate pourraient t&rsquo;aider \u00e0 balayer les principales questions li\u00e9es \u00e0 la pr\u00e9vention du virus, \u00e0 la s\u00e9curit\u00e9, aux solutions propos\u00e9es (t\u00e9l\u00e9travail notamment) et [&hellip;]<\/p>\n","protected":false},"author":1,"featured_media":197,"parent":0,"menu_order":0,"comment_status":"closed","ping_status":"closed","template":"","meta":{"footnotes":""},"class_list":["post-208","page","type-page","status-publish","has-post-thumbnail","hentry"],"_links":{"self":[{"href":"https:\/\/unis-metis.fr\/index.php?rest_route=\/wp\/v2\/pages\/208","targetHints":{"allow":["GET"]}}],"collection":[{"href":"https:\/\/unis-metis.fr\/index.php?rest_route=\/wp\/v2\/pages"}],"about":[{"href":"https:\/\/unis-metis.fr\/index.php?rest_route=\/wp\/v2\/types\/page"}],"author":[{"embeddable":true,"href":"https:\/\/unis-metis.fr\/index.php?rest_route=\/wp\/v2\/users\/1"}],"replies":[{"embeddable":true,"href":"https:\/\/unis-metis.fr\/index.php?rest_route=%2Fwp%2Fv2%2Fcomments&post=208"}],"version-history":[{"count":0,"href":"https:\/\/unis-metis.fr\/index.php?rest_route=\/wp\/v2\/pages\/208\/revisions"}],"wp:featuredmedia":[{"embeddable":true,"href":"https:\/\/unis-metis.fr\/index.php?rest_route=\/wp\/v2\/media\/197"}],"wp:attachment":[{"href":"https:\/\/unis-metis.fr\/index.php?rest_route=%2Fwp%2Fv2%2Fmedia&parent=208"}],"curies":[{"name":"wp","href":"https:\/\/api.w.org\/{rel}","templated":true}]}}